{"id":12977,"date":"2020-06-17T10:20:49","date_gmt":"2020-06-17T08:20:49","guid":{"rendered":"https:\/\/villagedefeves.fr\/efeveswp\/?page_id=12977"},"modified":"2021-03-22T15:49:30","modified_gmt":"2021-03-22T14:49:30","slug":"les-associations","status":"publish","type":"page","link":"https:\/\/villagedefeves.fr\/?page_id=12977","title":{"rendered":"Les Associations"},"content":{"rendered":"\t\t<div data-elementor-type=\"wp-page\" data-elementor-id=\"12977\" class=\"elementor elementor-12977\">\n\t\t\t\t\t\t<section class=\"elementor-section elementor-top-section elementor-element elementor-element-3520a2c elementor-section-boxed elementor-section-height-default elementor-section-height-default\" data-id=\"3520a2c\" data-element_type=\"section\" data-e-type=\"section\">\n\t\t\t\t\t\t<div class=\"elementor-container elementor-column-gap-default\">\n\t\t\t\t\t<div class=\"elementor-column elementor-col-100 elementor-top-column elementor-element elementor-element-9b20b5d\" data-id=\"9b20b5d\" data-element_type=\"column\" data-e-type=\"column\">\n\t\t\t<div class=\"elementor-widget-wrap elementor-element-populated\">\n\t\t\t\t\t\t<div class=\"elementor-element elementor-element-69ce2ad elementor-widget elementor-widget-eael-adv-tabs\" data-id=\"69ce2ad\" data-element_type=\"widget\" data-e-type=\"widget\" data-settings=\"{&quot;_animation_mobile&quot;:&quot;none&quot;}\" data-widget_type=\"eael-adv-tabs.default\">\n\t\t\t\t<div class=\"elementor-widget-container\">\n\t\t\t\t\t        <div data-scroll-on-click=\"no\" data-scroll-speed=\"300\" id=\"eael-advance-tabs-69ce2ad\" class=\"eael-advance-tabs eael-tabs-vertical eael-tab-auto-active \" data-tabid=\"69ce2ad\">\n            <div class=\"eael-tabs-nav \">\n                <ul class=\"eael-tab-inline-icon\" role=\"tablist\">\n                                            <li id=\"as-les-coteaux\" class=\"active-default eael-tab-item-trigger eael-tab-nav-item\" aria-selected=\"true\" data-tab=\"1\" role=\"tab\" tabindex=\"0\" aria-controls=\"as-les-coteaux-tab\" aria-expanded=\"false\">\n                            \n                                                                <i class=\"fas fa-home\"><\/i>                                                            \n                                                            <span class=\"eael-tab-title title-after-icon\" >AS les coteaux<\/span>                            \n                                                    <\/li>\n                                            <li id=\"ape-feves\" class=\"inactive eael-tab-item-trigger eael-tab-nav-item\" aria-selected=\"false\" data-tab=\"2\" role=\"tab\" tabindex=\"-1\" aria-controls=\"ape-feves-tab\" aria-expanded=\"false\">\n                            \n                                                                <img decoding=\"async\" src=\"https:\/\/villagedefeves.fr\/wordpress\/wp-content\/uploads\/2020\/10\/Logo-APE-Bleu.jpg\" alt=\"\">\n                                                            \n                                                            <span class=\"eael-tab-title title-after-icon\" >APE Feves<\/span>                            \n                                                    <\/li>\n                                            <li id=\"club-inter-ages\" class=\"inactive eael-tab-item-trigger eael-tab-nav-item\" aria-selected=\"false\" data-tab=\"3\" role=\"tab\" tabindex=\"-1\" aria-controls=\"club-inter-ages-tab\" aria-expanded=\"false\">\n                            \n                                                                <i class=\"fas fa-home\"><\/i>                                                            \n                                                            <span class=\"eael-tab-title title-after-icon\" >Club Inter Ages<\/span>                            \n                                                    <\/li>\n                                            <li id=\"conseil-de-fabrique\" class=\"inactive eael-tab-item-trigger eael-tab-nav-item\" aria-selected=\"false\" data-tab=\"4\" role=\"tab\" tabindex=\"-1\" aria-controls=\"conseil-de-fabrique-tab\" aria-expanded=\"false\">\n                            \n                                                                <img decoding=\"async\" src=\"https:\/\/villagedefeves.fr\/wordpress\/wp-content\/uploads\/2020\/07\/logo_cff.png\" alt=\"\">\n                                                            \n                                                            <span class=\"eael-tab-title title-after-icon\" >Conseil de Fabrique<\/span>                            \n                                                    <\/li>\n                                            <li id=\"domino\" class=\"inactive eael-tab-item-trigger eael-tab-nav-item\" aria-selected=\"false\" data-tab=\"5\" role=\"tab\" tabindex=\"-1\" aria-controls=\"domino-tab\" aria-expanded=\"false\">\n                            \n                                                                <i class=\"fas fa-home\"><\/i>                                                            \n                                                            <span class=\"eael-tab-title title-after-icon\" >Domino<\/span>                            \n                                                    <\/li>\n                                            <li id=\"lever-de-rideau\" class=\"inactive eael-tab-item-trigger eael-tab-nav-item\" aria-selected=\"false\" data-tab=\"6\" role=\"tab\" tabindex=\"-1\" aria-controls=\"lever-de-rideau-tab\" aria-expanded=\"false\">\n                            \n                                                                <i class=\"fas fa-home\"><\/i>                                                            \n                                                            <span class=\"eael-tab-title title-after-icon\" >Lever de Rideau<\/span>                            \n                                                    <\/li>\n                                            <li id=\"ptanque-club\" class=\"inactive eael-tab-item-trigger eael-tab-nav-item\" aria-selected=\"false\" data-tab=\"7\" role=\"tab\" tabindex=\"-1\" aria-controls=\"ptanque-club-tab\" aria-expanded=\"false\">\n                            \n                                                                <i class=\"fas fa-home\"><\/i>                                                            \n                                                            <span class=\"eael-tab-title title-after-icon\" >P\u00e9tanque Club<\/span>                            \n                                                    <\/li>\n                                            <li id=\"semecourt-feves-judo-club\" class=\"inactive eael-tab-item-trigger eael-tab-nav-item\" aria-selected=\"false\" data-tab=\"8\" role=\"tab\" tabindex=\"-1\" aria-controls=\"semecourt-feves-judo-club-tab\" aria-expanded=\"false\">\n                            \n                                                                <img decoding=\"async\" src=\"https:\/\/villagedefeves.fr\/wordpress\/wp-content\/uploads\/2020\/09\/semecourt-feves-judo-club.png\" alt=\"\">\n                                                            \n                                                            <span class=\"eael-tab-title title-after-icon\" >Semecourt Feves Judo Club<\/span>                            \n                                                    <\/li>\n                                            <li id=\"syndicat-arboricole\" class=\"inactive eael-tab-item-trigger eael-tab-nav-item\" aria-selected=\"false\" data-tab=\"9\" role=\"tab\" tabindex=\"-1\" aria-controls=\"syndicat-arboricole-tab\" aria-expanded=\"false\">\n                            \n                                                                <i class=\"fas fa-home\"><\/i>                                                            \n                                                            <span class=\"eael-tab-title title-after-icon\" >Syndicat Arboricole<\/span>                            \n                                                    <\/li>\n                    \n                                  <\/ul>\n            <\/div>\n            \n            <div class=\"eael-tabs-content\">\n\t\t        \n                    <div id=\"as-les-coteaux-tab\" class=\"clearfix eael-tab-content-item active-default\" data-title-link=\"as-les-coteaux-tab\">\n\t\t\t\t        <p><a href=\"https:\/\/fr-fr.facebook.com\/aslescoteaux\/\" target=\"_blank\" rel=\"noopener\">Site facebook de l&rsquo;association As les coteaux<\/a><\/p>                    <\/div>\n\t\t        \n                    <div id=\"ape-feves-tab\" class=\"clearfix eael-tab-content-item inactive\" data-title-link=\"ape-feves-tab\">\n\t\t\t\t        <p style=\"text-align: right\"><img decoding=\"async\" class=\"alignnone size-medium wp-image-13633\" src=\"https:\/\/villagedefeves.fr\/wordpress\/wp-content\/uploads\/2020\/10\/Logo-APE-Bleu-300x152.jpg\" alt=\"\" width=\"300\" height=\"152\" srcset=\"https:\/\/villagedefeves.fr\/wordpress\/wp-content\/uploads\/2020\/10\/Logo-APE-Bleu-300x152.jpg 300w, https:\/\/villagedefeves.fr\/wordpress\/wp-content\/uploads\/2020\/10\/Logo-APE-Bleu-1024x519.jpg 1024w, https:\/\/villagedefeves.fr\/wordpress\/wp-content\/uploads\/2020\/10\/Logo-APE-Bleu-768x389.jpg 768w, https:\/\/villagedefeves.fr\/wordpress\/wp-content\/uploads\/2020\/10\/Logo-APE-Bleu-1536x778.jpg 1536w, https:\/\/villagedefeves.fr\/wordpress\/wp-content\/uploads\/2020\/10\/Logo-APE-Bleu-2048x1038.jpg 2048w, https:\/\/villagedefeves.fr\/wordpress\/wp-content\/uploads\/2020\/10\/Logo-APE-Bleu-1320x669.jpg 1320w\" sizes=\"(max-width: 300px) 100vw, 300px\" \/>Association des Parents d&rsquo;El\u00e8ves des \u00e9coles de Feves<\/p><p>lien du site :\u00a0<a href=\"https:\/\/www.facebook.com\/APE-des-%C3%A9coles-de-F%C3%A8ves-123073455758263\/\" target=\"_blank\" rel=\"noopener\">APE<\/a><\/p><p>Email:\u00a0<a href=\"mailto:parentsdesecolesdefeves@gmail.com\">parentsdesecolesdefeves@gmail.com<\/a><\/p><div>Association cr\u00e9\u00e9e il y a un an dans le but de soutenir financi\u00e8rement les diff\u00e9rents projets des \u00e9quipes des deux \u00e9coles mais aussi d&rsquo;essayer d&rsquo;animer la vie de notre village autour des enfants.\u00a0<\/div><div>\u00a0<\/div><div>Nous voulions nous pr\u00e9senter au cas o\u00f9 vous auriez besoin de nous contacter:<\/div><div>-M. J\u00e9remy Gallois est notre pr\u00e9sident<\/div><div>-Mme Sarah Martin est notre vice-pr\u00e9sidente<\/div><div>-Mme Julie Cappiello\u00a0 est notre tr\u00e9sori\u00e8re.<\/div><div>-Mme Marta Kadric\u00a0 est notre tr\u00e9sori\u00e8re adjointe<\/div><div>-Mme Sophie B\u00e9cret est notre secr\u00e9taire<\/div><div>-Mme Charlotte Foncin est notre secr\u00e9taire adjointe.<\/div><div>-Mme Sonia Pierson M. Olivier Weber et Mme Liesbeth Ceusters sont nos trois membres actifs.\u00a0<\/div><div>\u00a0<\/div>                    <\/div>\n\t\t        \n                    <div id=\"club-inter-ages-tab\" class=\"clearfix eael-tab-content-item inactive\" data-title-link=\"club-inter-ages-tab\">\n\t\t\t\t        <p><span style=\"color: #ff0000\">En raison de la crise sanitaire , toutes les activit\u00e9s ont \u00e9t\u00e9<\/span><br \/><span style=\"color: #ff0000\">interrompues et devraient reprendre en septembre.<\/span><\/p><table><tbody><tr><td><p><strong>CLUB INTER-AGES DE FEVES<br \/>6, rue basse<br \/>57280 FEVES<\/strong><\/p><p>Email: <a href=\"mailto:club.inter.age.feves@gmail.com\">club.inter.age.feves@gmail.com<\/a><\/p><\/td><\/tr><\/tbody><\/table><table><tbody><tr><td><h2><strong>HISTORIQUE<\/strong><\/h2><p>Le Club Inter-Ages a \u00e9t\u00e9 cr\u00e9\u00e9 en 1980. Les statuts ont \u00e9t\u00e9 d\u00e9pos\u00e9s le 6 d\u00e9cembre 1980 et il a \u00e9t\u00e9 inscrit au registre des associations du tribunal d&rsquo;instance de Metz le 11 f\u00e9vrier 1981 sous volume LXIV N\u00b0 27.<\/p><p>Gino SALVARO a \u00e9t\u00e9 pr\u00e9sident de 1981 \u00e0 2001.<br \/>Marc DAVOLI lui a succ\u00e9d\u00e9 de 2002 \u00e0 2018.<\/p><h2><strong>Organigramme du Club<\/strong><\/h2><table><tbody><tr><td><p><strong>BUREAU<\/strong><\/p><table align=\"left\"><tbody><tr><td>Pr\u00e9sident<\/td><td>Armand PATRIGNANI<\/td><\/tr><tr><td>Vice-Pr\u00e9sident<\/td><td>Pascale SCHLATTER<\/td><\/tr><tr><td>Tr\u00e9sorier<\/td><td>Michel ZIEGLER<\/td><\/tr><tr><td>Tr\u00e9sorier adjoint<\/td><td>\u00a0<\/td><\/tr><tr><td>Secr\u00e9taire<\/td><td>Chantal ZIEGLER<\/td><\/tr><tr><td>Secr\u00e9taire adjointe<\/td><td>Brigitte BRODBECK<\/td><\/tr><\/tbody><\/table><\/td><td><strong>ASSESSEURS<\/strong><\/td><\/tr><\/tbody><\/table><h2><strong>OBJET<\/strong><\/h2><p>Le club inter-\u00e2ges est ouvert \u00e0 tous et propose diff\u00e9rentes activit\u00e9s :<\/p><ul><li>Couture le lundi apr\u00e8s-midi<br \/>Responsable Mme THIERY Simone<ul><li>45 rue de Verdun 57280 SEMECOURT<\/li><li>03 54 44 94 43<\/li><\/ul><\/li><li>Jeux et Go\u00fbters un jeudi sur deux de 14h30 \u00e0 17h<br \/>Les inscriptions sont obligatoires avant mercredi midi aupr\u00e8s<ul><li>d\u2019Armand PATRIGNANI au 06 52 02 50 88<br \/>Les dates sont communiqu\u00e9es aux membres .<\/li><\/ul><\/li><li>Marches et sorties v\u00e9los<br \/>Les marches p\u00e9destres ont lieu les 1ers samedis de chaque mois \u00e0 8h45.<br \/>RDV sur le parking de la mairie. Selon le circuit, nous ferons du covoiturage.<br \/>Les sorties ne d\u00e9passeront pas 3h.<br \/>Les sorties v\u00e9los sont organis\u00e9es le 3eme dimanche de chaque mois \u00e0 9h.<br \/>RDV \u00e0 la salle des f\u00eates. Les sorties ne d\u00e9passeront pas 3h. Ne pas oublier son casque.<br \/>Si vous souhaitez proposer d\u2019autres activit\u00e9s, n\u2019h\u00e9sitez pas \u00e0 joindre le pr\u00e9sident ou un des<br \/>membres du comit\u00e9.<\/li><\/ul><\/td><\/tr><\/tbody><\/table>                    <\/div>\n\t\t        \n                    <div id=\"conseil-de-fabrique-tab\" class=\"clearfix eael-tab-content-item inactive\" data-title-link=\"conseil-de-fabrique-tab\">\n\t\t\t\t        <table style=\"height: 385px\"><tbody><tr><td><h3>CONSEILS DE FABRIQUE<\/h3><h4>AU 26 JUIN 2020<\/h4><h5>Pr\u00e9sident<\/h5><p>SCHREIBER Ren\u00e9<br \/>5,Rue Renoir 57280 F\u00e8ves<\/p><p>reneschreiber@orange.fr<br \/>06 33 15 20 06<\/p><h5>Secr\u00e9taire<\/h5><p>BECRET Sophie<br \/>48,Rue Haute 57280 F\u00e8ves<\/p><h5>Tr\u00e9sorier<\/h5><p>NICOLAS G\u00e9rard<br \/>5bis,Rue Quaraille 57280 F\u00e8ves<\/p><\/td><\/tr><\/tbody><\/table><p>Fonctionnement et r\u00f4le du conseil de Fabrique<\/p><p>LE CONSEIL DE FABRIQUE DE L\u2019EGLISE DE FEVES<\/p><p>Le conseil de Fabrique est une institution existant uniquement en Alsace-Moselle. Cette institution est r\u00e9gie par le d\u00e9cret du 30 d\u00e9cembre 1809 et modifi\u00e9 en dernier lieu par le d\u00e9cret du 10 janvier2001.<\/p><p>ROLE DU CONSEIL DE FABRIQUE<\/p><p>Le conseil de Fabrique est l\u2019institution charg\u00e9e, dans chaque paroisse, de la gestion des biens mat\u00e9riels de la paroisse et de l\u2019entretien int\u00e9rieur de l\u2019\u00e9glise.<\/p><p>COMPOSITION ET FONCTION DU CONSEIL DE FABRIQUE<\/p><p>La commune de F\u00e8ves ayant moins de 5000 habitants, les membres requis pour le conseil de fabrique sont au nombre de 5 et doivent \u00eatre domicili\u00e9s dans la paroisse. Le conseil \u00e9lit en son sein un pr\u00e9sident, un secr\u00e9taire et un tr\u00e9sorier.<\/p><p>De plus le cur\u00e9 desservant la paroisse et le maire de la commune sont membres de droit du conseil de Fabrique.<\/p><p>La dur\u00e9e du mandat est de 6 ans sans pouvoir accomplir plus de 3 mandats successifs.<\/p><p>Le conseil se r\u00e9unit au minimum une fois par an et d\u00e9lib\u00e8re principalement des points suivants :-budget de la Fabrique-compte annuel-travaux en cours et \u00e0 r\u00e9aliser-acceptation des dons et legs et leur emploi-autres points divers en relation avec ses missions et responsabilit\u00e9s<\/p><p>REVENUS ET CHARGES DE LA FABRIQUE<\/p><p>Les revenus de la Fabrique sont constitu\u00e9s principalement par :<\/p><p>-les qu\u00eates-la perception financi\u00e8re lors des c\u00e9l\u00e9brations des mariages et enterrements-la subvention communale<\/p><p>-les dons<\/p><p>Les charges de la Fabrique sont principalement :<\/p><p>-les frais n\u00e9cessaires aux c\u00e9l\u00e9brations cultuelles (hosties-vin de messe-cierges-supports papier pour les chants<\/p><p>-publications de la communaut\u00e9 de paroisses du Billeron \u2026\u2026\u2026)<\/p><p>-le chauffage et l\u2019\u00e9clairage<\/p><p>-les co\u00fbts de c\u00e9l\u00e9bration (enterrement-mariage)<\/p><p>-les petits travaux d\u2019embellissement et d\u2019entretien-les assurances<\/p><p>CONTACT : Le pr\u00e9sident Ren\u00e9 Schreiber (03-87-51-14-96)<\/p>                    <\/div>\n\t\t        \n                    <div id=\"domino-tab\" class=\"clearfix eael-tab-content-item inactive\" data-title-link=\"domino-tab\">\n\t\t\t\t        <p>DOMINO est issue de la fusion en 2000 des Associations de Parents d&rsquo;El\u00e8ves de FEVES et SEMECOURT, La CLE et l&rsquo;APE. Celles-ci, chacune de leur c\u00f4t\u00e9, mues par la volont\u00e9 de leurs b\u00e9n\u00e9voles, animaient respectivement les loisirs des enfants.<br \/>C&rsquo;est donc tout naturellement que leurs membres se sont rapproch\u00e9s afin d&rsquo;unir leurs forces pour faire \u00e9voluer leurs projets.<\/p><p>L&rsquo;Association DOMINO s&rsquo;est donc donn\u00e9e pour mission d&rsquo;organiser, sous de multiples formes, des activit\u00e9s sportives et culturelles. Elle participe \u00e9galement \u00e0 l&rsquo;am\u00e9nagement des loisirs par le d\u00e9veloppement d&rsquo;activit\u00e9s \u00e9ducatives, sociales et r\u00e9cr\u00e9atives afin de favoriser l&rsquo;int\u00e9gration des enfants dans le tissu social des deux villages. C&rsquo;est ainsi qu&rsquo;au fil des ann\u00e9es se sont diversifi\u00e9es les activit\u00e9s propos\u00e9es.<\/p><p>En 2007\/2008, ce ne sont pas moins de 107 familles adh\u00e9rentes dont les membres, petits et grands, ont pu pratiquer la danse (classique, modern&rsquo;jazz ou orientale), l&rsquo;anglais, l&rsquo;art plastique, le th\u00e9\u00e2tre, la gymnastique rythmique ou le tennis. Les mercredis loisirs ont regroup\u00e9 une vingtaine d&rsquo;enfants de 4 \u00e0 11 ans autour d&rsquo;ateliers cirque, bricolage et balade. Quant aux centres de loisirs, ils ont accueilli 80 jeunes sur les vacances scolaires.<\/p><p>En constante \u00e9volution, DOMINO est un outil au service des habitants de FEVES et SEMECOURT et souhaite participer encore longtemps \u00e0 la qualit\u00e9 de vie de ces deux communes.<\/p>                    <\/div>\n\t\t        \n                    <div id=\"lever-de-rideau-tab\" class=\"clearfix eael-tab-content-item inactive\" data-title-link=\"lever-de-rideau-tab\">\n\t\t\t\t        <p><a href=\"https:\/\/fr-fr.facebook.com\/lever.derideau.3\/\" target=\"_blank\" rel=\"noopener\">Site officiel de l&rsquo;association Lever de rideau<\/a><\/p>                    <\/div>\n\t\t        \n                    <div id=\"ptanque-club-tab\" class=\"clearfix eael-tab-content-item inactive\" data-title-link=\"ptanque-club-tab\">\n\t\t\t\t        <p><span style=\"color: #003366\"><a style=\"color: #003366\" href=\"http:\/\/petanquefeves.over-blog.com\/\" target=\"_blank\" rel=\"noopener\">Site de l&rsquo;association P\u00e9tanque Club de Feves<\/a><\/span><\/p>                    <\/div>\n\t\t        \n                    <div id=\"semecourt-feves-judo-club-tab\" class=\"clearfix eael-tab-content-item inactive\" data-title-link=\"semecourt-feves-judo-club-tab\">\n\t\t\t\t        <p><img fetchpriority=\"high\" decoding=\"async\" class=\"alignnone size-full wp-image-13531\" src=\"https:\/\/villagedefeves.fr\/wordpress\/wp-content\/uploads\/2020\/09\/semecourt-feves-judo-club.png\" alt=\"\" width=\"226\" height=\"223\" srcset=\"https:\/\/villagedefeves.fr\/wordpress\/wp-content\/uploads\/2020\/09\/semecourt-feves-judo-club.png 226w, https:\/\/villagedefeves.fr\/wordpress\/wp-content\/uploads\/2020\/09\/semecourt-feves-judo-club-50x50.png 50w\" sizes=\"(max-width: 226px) 100vw, 226px\" \/><\/p><p><a href=\"http:\/\/judo.semecourt.feves.free.fr\/\" target=\"_blank\" rel=\"noopener\">site internet Semecourt Feves Judo Club<\/a><\/p><p><strong>Email:<\/strong> <a href=\"mailto:semecourtfevesjudoclub@gmail.com\" target=\"_blank\" rel=\"noopener\">semecourtfevesjudoclub@gmail.com<\/a><\/p><p><strong>Adresse:<\/strong><\/p><p><span class=\"adresse\">Judo Club de Sem\u00e9court &#8211; F\u00e8ves<br \/><\/span><span class=\"adresse\">Maison des Associations<br \/><\/span><span class=\"adresse\">7 bis place de la R\u00e9publique<br \/><\/span><span class=\"adresse\">57280 SEMECOURT<\/span><\/p><p>Heures d&rsquo;ouvertures:<\/p><p>Mardi et Jeudi:\u00a0<\/p><ul><li>&#8211; de 6 ans: 17h \u00e0 18h<\/li><li>+ de 6 ans 18h \u00e0 19h<\/li><\/ul>                    <\/div>\n\t\t        \n                    <div id=\"syndicat-arboricole-tab\" class=\"clearfix eael-tab-content-item inactive\" data-title-link=\"syndicat-arboricole-tab\">\n\t\t\t\t        <p>N\u00e9 en 1980, sous la houlette de M. Albert ESTAVIO et de la Municipalit\u00e9, le Syndicat arboricole et horticole assure depuis cette date, la gestion de l&rsquo;alambic dans l&rsquo;atelier municipal, permettant \u00e0 tous les propri\u00e9taires du village qui le d\u00e9sirent, de poursuivre la distillation de leur propre r\u00e9colte fruiti\u00e8re.<br \/><br \/>L&rsquo;activit\u00e9 du Syndicat est donc fondamentalement saisonni\u00e8re puisque li\u00e9e aux quantit\u00e9s et la vari\u00e9t\u00e9 des fruits r\u00e9colt\u00e9s, activit\u00e9 qui s&rsquo;\u00e9chelonne sur les derniers mois de l&rsquo;ann\u00e9e.<br \/><br \/>Avec la diminution incessante des cultures fruiti\u00e8res dans le village, la production suit aussi la m\u00eame pente. D&rsquo;autre part, on s&rsquo;attache aujourd&rsquo;hui, davantage \u00e0 \u00ab\u00a0r\u00e9aliser une bonne cuite\u00a0\u00bb plut\u00f4t qu&rsquo;\u00e0 produire beaucoup. Ce qui est tout \u00e0 l&rsquo;honneur de nos adh\u00e9rents qui continuent ainsi \u00e0 faire perdurer une tradition, \u00e0 laquelle nous tenons, tout en participant \u00e0 faire conna\u00eetre un produit local dont on a, depuis peu, reconnu les m\u00e9rites dans le monde de la gastronomie.<br \/><br \/>L&rsquo;\u00e9quipe actuelle est pr\u00eate \u00e0 accueillir tout nouvel arrivant r\u00e9pondant aux termes de ses statuts et d\u00e9sirant se lancer dans la magie de la distillation pour r\u00e9aliser, avec mod\u00e9ration bien s\u00fbr, sa \u00ab\u00a0propre goutte\u00a0\u00bb, celle qui est toujours meilleure que celle du voisin.<\/p>                    <\/div>\n\t\t                    <\/div>\n        <\/div>\n\t\t\t\t<\/div>\n\t\t\t\t<\/div>\n\t\t\t\t\t<\/div>\n\t\t<\/div>\n\t\t\t\t\t<\/div>\n\t\t<\/section>\n\t\t\t\t<section class=\"elementor-section elementor-top-section elementor-element elementor-element-91f440d elementor-section-boxed elementor-section-height-default elementor-section-height-default\" data-id=\"91f440d\" data-element_type=\"section\" data-e-type=\"section\">\n\t\t\t\t\t\t<div class=\"elementor-container elementor-column-gap-default\">\n\t\t\t\t\t<div class=\"elementor-column elementor-col-100 elementor-top-column elementor-element elementor-element-c8c5900\" data-id=\"c8c5900\" data-element_type=\"column\" data-e-type=\"column\">\n\t\t\t<div class=\"elementor-widget-wrap elementor-element-populated\">\n\t\t\t\t\t\t<div class=\"elementor-element elementor-element-c909552 elementor-grid-eael-col-3 elementor-grid-tablet-eael-col-2 elementor-grid-mobile-eael-col-1 elementor-widget elementor-widget-eael-post-grid\" data-id=\"c909552\" data-element_type=\"widget\" data-e-type=\"widget\" data-settings=\"{&quot;eael_post_grid_columns&quot;:&quot;eael-col-3&quot;,&quot;eael_post_grid_columns_tablet&quot;:&quot;eael-col-2&quot;,&quot;eael_post_grid_columns_mobile&quot;:&quot;eael-col-1&quot;}\" data-widget_type=\"eael-post-grid.default\">\n\t\t\t\t<div class=\"elementor-widget-container\">\n\t\t\t\t\t<div id=\"eael-post-grid-c909552\" class=\"eael-post-grid-container\">\n            <div class=\"eael-post-grid eael-post-appender eael-post-appender-c909552 eael-post-grid-style-one\" data-layout-mode=\"masonry\"><p class=\"no-posts-found\">No posts found!<\/p><\/div>\n            <div class=\"clearfix\"><\/div>\n        <\/div>\t\t\t\t<\/div>\n\t\t\t\t<\/div>\n\t\t\t\t\t<\/div>\n\t\t<\/div>\n\t\t\t\t\t<\/div>\n\t\t<\/section>\n\t\t\t\t<\/div>\n\t\t","protected":false},"excerpt":{"rendered":"<p>AS les coteaux APE Feves Club Inter Ages Conseil de Fabrique Domino Lever de Rideau P\u00e9tanque Club Semecourt Feves Judo Club Syndicat Arboricole Site facebook de l&rsquo;association As les coteaux Association des Parents d&rsquo;El\u00e8ves des \u00e9coles de Feves lien du site :\u00a0APE Email:\u00a0parentsdesecolesdefeves@gmail.com Association cr\u00e9\u00e9e il y a un an dans le but de soutenir &#8230; <a title=\"Les Associations\" class=\"read-more\" href=\"https:\/\/villagedefeves.fr\/?page_id=12977\" aria-label=\"En savoir plus sur Les Associations\">Lire la suite<\/a><\/p>\n","protected":false},"author":1,"featured_media":0,"parent":0,"menu_order":0,"comment_status":"closed","ping_status":"closed","template":"","meta":{"footnotes":""},"class_list":["post-12977","page","type-page","status-publish"],"_links":{"self":[{"href":"https:\/\/villagedefeves.fr\/index.php?rest_route=\/wp\/v2\/pages\/12977","targetHints":{"allow":["GET"]}}],"collection":[{"href":"https:\/\/villagedefeves.fr\/index.php?rest_route=\/wp\/v2\/pages"}],"about":[{"href":"https:\/\/villagedefeves.fr\/index.php?rest_route=\/wp\/v2\/types\/page"}],"author":[{"embeddable":true,"href":"https:\/\/villagedefeves.fr\/index.php?rest_route=\/wp\/v2\/users\/1"}],"replies":[{"embeddable":true,"href":"https:\/\/villagedefeves.fr\/index.php?rest_route=%2Fwp%2Fv2%2Fcomments&post=12977"}],"version-history":[{"count":26,"href":"https:\/\/villagedefeves.fr\/index.php?rest_route=\/wp\/v2\/pages\/12977\/revisions"}],"predecessor-version":[{"id":13989,"href":"https:\/\/villagedefeves.fr\/index.php?rest_route=\/wp\/v2\/pages\/12977\/revisions\/13989"}],"wp:attachment":[{"href":"https:\/\/villagedefeves.fr\/index.php?rest_route=%2Fwp%2Fv2%2Fmedia&parent=12977"}],"curies":[{"name":"wp","href":"https:\/\/api.w.org\/{rel}","templated":true}]}}