{"id":12975,"date":"2020-06-17T10:20:49","date_gmt":"2020-06-17T08:20:49","guid":{"rendered":"https:\/\/villagedefeves.fr\/efeveswp\/?page_id=12975"},"modified":"2024-12-17T17:01:05","modified_gmt":"2024-12-17T16:01:05","slug":"le-conseil-municipal","status":"publish","type":"page","link":"https:\/\/villagedefeves.fr\/?page_id=12975","title":{"rendered":"Le Conseil Municipal"},"content":{"rendered":"\t\t<div data-elementor-type=\"wp-page\" data-elementor-id=\"12975\" class=\"elementor elementor-12975\">\n\t\t\t\t\t\t<section class=\"elementor-section elementor-top-section elementor-element elementor-element-568b6fa elementor-section-boxed elementor-section-height-default elementor-section-height-default\" data-id=\"568b6fa\" data-element_type=\"section\" data-e-type=\"section\">\n\t\t\t\t\t\t<div class=\"elementor-container elementor-column-gap-default\">\n\t\t\t\t\t<div class=\"elementor-column elementor-col-33 elementor-top-column elementor-element elementor-element-eee1c21\" data-id=\"eee1c21\" data-element_type=\"column\" data-e-type=\"column\" data-settings=\"{&quot;background_background&quot;:&quot;gradient&quot;}\">\n\t\t\t<div class=\"elementor-widget-wrap\">\n\t\t\t\t\t\t\t<\/div>\n\t\t<\/div>\n\t\t\t\t<div class=\"elementor-column elementor-col-66 elementor-top-column elementor-element elementor-element-f314969\" data-id=\"f314969\" data-element_type=\"column\" data-e-type=\"column\">\n\t\t\t<div class=\"elementor-widget-wrap elementor-element-populated\">\n\t\t\t\t\t\t<div class=\"elementor-element elementor-element-0adbd99 elementor-widget elementor-widget-image\" data-id=\"0adbd99\" data-element_type=\"widget\" data-e-type=\"widget\" data-widget_type=\"image.default\">\n\t\t\t\t<div class=\"elementor-widget-container\">\n\t\t\t\t\t\t\t\t\t\t\t\t\t\t\t\t<a href=\"https:\/\/villagedefeves.fr\/wordpress\/wp-content\/uploads\/2020\/08\/ConseilMunicipal.jpg\" data-elementor-open-lightbox=\"yes\" data-elementor-lightbox-title=\"ConseilMunicipal\" data-e-action-hash=\"#elementor-action%3Aaction%3Dlightbox%26settings%3DeyJpZCI6MTMzNzcsInVybCI6Imh0dHBzOlwvXC92aWxsYWdlZGVmZXZlcy5mclwvd29yZHByZXNzXC93cC1jb250ZW50XC91cGxvYWRzXC8yMDIwXC8wOFwvQ29uc2VpbE11bmljaXBhbC5qcGcifQ%3D%3D\">\n\t\t\t\t\t\t\t<img fetchpriority=\"high\" decoding=\"async\" width=\"900\" height=\"599\" src=\"https:\/\/villagedefeves.fr\/wordpress\/wp-content\/uploads\/2020\/08\/ConseilMunicipal-1024x682.jpg\" class=\"attachment-large size-large wp-image-13377\" alt=\"\" srcset=\"https:\/\/villagedefeves.fr\/wordpress\/wp-content\/uploads\/2020\/08\/ConseilMunicipal-1024x682.jpg 1024w, https:\/\/villagedefeves.fr\/wordpress\/wp-content\/uploads\/2020\/08\/ConseilMunicipal-300x200.jpg 300w, https:\/\/villagedefeves.fr\/wordpress\/wp-content\/uploads\/2020\/08\/ConseilMunicipal-768x512.jpg 768w, https:\/\/villagedefeves.fr\/wordpress\/wp-content\/uploads\/2020\/08\/ConseilMunicipal-1536x1023.jpg 1536w, https:\/\/villagedefeves.fr\/wordpress\/wp-content\/uploads\/2020\/08\/ConseilMunicipal-1320x879.jpg 1320w, https:\/\/villagedefeves.fr\/wordpress\/wp-content\/uploads\/2020\/08\/ConseilMunicipal.jpg 1600w\" sizes=\"(max-width: 900px) 100vw, 900px\" \/>\t\t\t\t\t\t\t\t<\/a>\n\t\t\t\t\t\t\t\t\t\t\t\t\t\t\t<\/div>\n\t\t\t\t<\/div>\n\t\t\t\t\t<\/div>\n\t\t<\/div>\n\t\t\t\t\t<\/div>\n\t\t<\/section>\n\t\t\t\t<section class=\"elementor-section elementor-top-section elementor-element elementor-element-d0aafb3 elementor-section-boxed elementor-section-height-default elementor-section-height-default\" data-id=\"d0aafb3\" data-element_type=\"section\" data-e-type=\"section\">\n\t\t\t\t\t\t<div class=\"elementor-container elementor-column-gap-default\">\n\t\t\t\t\t<div class=\"elementor-column elementor-col-100 elementor-top-column elementor-element elementor-element-0beca5a\" data-id=\"0beca5a\" data-element_type=\"column\" data-e-type=\"column\">\n\t\t\t<div class=\"elementor-widget-wrap elementor-element-populated\">\n\t\t\t\t\t\t<div class=\"elementor-element elementor-element-519e456 elementor-widget elementor-widget-text-editor\" data-id=\"519e456\" data-element_type=\"widget\" data-e-type=\"widget\" data-widget_type=\"text-editor.default\">\n\t\t\t\t<div class=\"elementor-widget-container\">\n\t\t\t\t\t\t\t\t\t<h5>MAIRE: Armand PATRIGNANI<\/h5><h6>1\u00e8re ADJOINTE: Pascale SCHLATTER<br \/>2\u00e8me ADJOINT: Pierre SPINELLI<br \/>3\u00e8me ADJOINTE:\u00a0 Marjorie CANU<br \/>4\u00e8me ADJOINT: Jean-Christophe CHESNEAU<\/h6><h6>Conseillers Municipaux:<\/h6><p>Nicole BUAT<br \/>Sophie LAMARLE-CABIROL<br \/>Freddy DHOTELLE<br \/>Ang\u00e9lo BARONE<br \/>Amandine BRICNET<br \/>Virginie FUSS<br \/>C\u00e9dric PIERSON<br \/>Jo\u00ebl VUILLAUME<br \/>Daniel MASSENAT<br \/>Khedidja BOUHENNA<\/p>\t\t\t\t\t\t\t\t<\/div>\n\t\t\t\t<\/div>\n\t\t\t\t\t<\/div>\n\t\t<\/div>\n\t\t\t\t\t<\/div>\n\t\t<\/section>\n\t\t\t\t<\/div>\n\t\t","protected":false},"excerpt":{"rendered":"<p>MAIRE: Armand PATRIGNANI 1\u00e8re ADJOINTE: Pascale SCHLATTER2\u00e8me ADJOINT: Pierre SPINELLI3\u00e8me ADJOINTE:\u00a0 Marjorie CANU4\u00e8me ADJOINT: Jean-Christophe CHESNEAU Conseillers Municipaux: Nicole BUATSophie LAMARLE-CABIROLFreddy DHOTELLEAng\u00e9lo BARONEAmandine BRICNETVirginie FUSSC\u00e9dric PIERSONJo\u00ebl VUILLAUMEDaniel MASSENATKhedidja BOUHENNA<\/p>\n","protected":false},"author":1,"featured_media":0,"parent":0,"menu_order":0,"comment_status":"closed","ping_status":"closed","template":"","meta":{"footnotes":""},"class_list":["post-12975","page","type-page","status-publish"],"_links":{"self":[{"href":"https:\/\/villagedefeves.fr\/index.php?rest_route=\/wp\/v2\/pages\/12975","targetHints":{"allow":["GET"]}}],"collection":[{"href":"https:\/\/villagedefeves.fr\/index.php?rest_route=\/wp\/v2\/pages"}],"about":[{"href":"https:\/\/villagedefeves.fr\/index.php?rest_route=\/wp\/v2\/types\/page"}],"author":[{"embeddable":true,"href":"https:\/\/villagedefeves.fr\/index.php?rest_route=\/wp\/v2\/users\/1"}],"replies":[{"embeddable":true,"href":"https:\/\/villagedefeves.fr\/index.php?rest_route=%2Fwp%2Fv2%2Fcomments&post=12975"}],"version-history":[{"count":30,"href":"https:\/\/villagedefeves.fr\/index.php?rest_route=\/wp\/v2\/pages\/12975\/revisions"}],"predecessor-version":[{"id":14997,"href":"https:\/\/villagedefeves.fr\/index.php?rest_route=\/wp\/v2\/pages\/12975\/revisions\/14997"}],"wp:attachment":[{"href":"https:\/\/villagedefeves.fr\/index.php?rest_route=%2Fwp%2Fv2%2Fmedia&parent=12975"}],"curies":[{"name":"wp","href":"https:\/\/api.w.org\/{rel}","templated":true}]}}